{"id":8099,"date":"2025-06-03T09:30:23","date_gmt":"2025-06-03T07:30:23","guid":{"rendered":"https:\/\/cyclepoitevin86.fr\/?page_id=8099"},"modified":"2026-02-02T16:49:17","modified_gmt":"2026-02-02T15:49:17","slug":"la-mazerollaise","status":"publish","type":"page","link":"https:\/\/cyclepoitevin86.fr\/index.php\/la-mazerollaise\/","title":{"rendered":"La Mazerollaise"},"content":{"rendered":"\n<p class=\"has-text-align-center has-vivid-red-color has-text-color\" style=\"font-size:30px\"><strong><em>Dimanche 6 Septembre 2026<\/em><\/strong><\/p>\n\n\n\n<p class=\"has-text-align-center\" style=\"font-size:30px\">Site internet de l&rsquo;\u00e9preuve :<\/p>\n\n\n\n<p><a href=\"https:\/\/www.facebook.com\/p\/Grand-Prix-Cycliste-la-Mazerollaise-61558570255427\/\">https:\/\/www.facebook.com\/p\/Grand-Prix-Cycliste-la-Mazerollaise-61558570255427\/<\/a><\/p>\n\n\n\n<p class=\"has-text-align-center\" style=\"font-size:30px\">D\u00e9tail d&rsquo;Organisation (Elite) :<\/p>\n\n\n\n<p class=\"has-text-align-center\" style=\"font-size:30px\">Plan du Circuit :<\/p>\n\n\n\n<div data-wp-interactive=\"core\/file\" class=\"wp-block-file\"><object data-wp-bind--hidden=\"!state.hasPdfPreview\" hidden class=\"wp-block-file__embed\" data=\"https:\/\/cyclepoitevin86.fr\/wp-content\/uploads\/2025\/08\/Plan-circuit.pdf\" type=\"application\/pdf\" style=\"width:100%;height:600px\" aria-label=\"Contenu embarqu\u00e9 Plan circuit.\"><\/object><a id=\"wp-block-file--media-4a40fc1c-5eb3-4fb1-9e59-2e03b3b9fb42\" href=\"https:\/\/cyclepoitevin86.fr\/wp-content\/uploads\/2025\/08\/Plan-circuit.pdf\">Plan circuit<\/a><a href=\"https:\/\/cyclepoitevin86.fr\/wp-content\/uploads\/2025\/08\/Plan-circuit.pdf\" class=\"wp-block-file__button wp-element-button\" download aria-describedby=\"wp-block-file--media-4a40fc1c-5eb3-4fb1-9e59-2e03b3b9fb42\">T\u00e9l\u00e9charger<\/a><\/div>\n\n\n\n<p class=\"has-text-align-center\" style=\"font-size:30px\">R\u00e8glement de l&rsquo;\u00e9preuve :<\/p>\n\n\n\n<p class=\"has-text-align-center\" style=\"font-size:30px\">Liste des engag\u00e9s : <\/p>\n\n\n\n<p class=\"has-text-align-center\" style=\"font-size:30px\">R\u00e9sultats Elite : <\/p>\n\n\n\n<p style=\"font-size:24px\"><\/p>\n\n\n\n<p><\/p>\n","protected":false},"excerpt":{"rendered":"<p>Dimanche 6 Septembre 2026 Site internet de l&rsquo;\u00e9preuve : https:\/\/www.facebook.com\/p\/Grand-Prix-Cycliste-la-Mazerollaise-61558570255427\/ D\u00e9tail d&rsquo;Organisation (Elite) : Plan du Circuit : R\u00e8glement de l&rsquo;\u00e9preuve : Liste des engag\u00e9s : R\u00e9sultats Elite :<\/p>\n","protected":false},"author":1,"featured_media":0,"parent":0,"menu_order":0,"comment_status":"closed","ping_status":"closed","template":"","meta":{"footnotes":""},"class_list":["post-8099","page","type-page","status-publish","hentry"],"_links":{"self":[{"href":"https:\/\/cyclepoitevin86.fr\/index.php\/wp-json\/wp\/v2\/pages\/8099","targetHints":{"allow":["GET"]}}],"collection":[{"href":"https:\/\/cyclepoitevin86.fr\/index.php\/wp-json\/wp\/v2\/pages"}],"about":[{"href":"https:\/\/cyclepoitevin86.fr\/index.php\/wp-json\/wp\/v2\/types\/page"}],"author":[{"embeddable":true,"href":"https:\/\/cyclepoitevin86.fr\/index.php\/wp-json\/wp\/v2\/users\/1"}],"replies":[{"embeddable":true,"href":"https:\/\/cyclepoitevin86.fr\/index.php\/wp-json\/wp\/v2\/comments?post=8099"}],"version-history":[{"count":5,"href":"https:\/\/cyclepoitevin86.fr\/index.php\/wp-json\/wp\/v2\/pages\/8099\/revisions"}],"predecessor-version":[{"id":9721,"href":"https:\/\/cyclepoitevin86.fr\/index.php\/wp-json\/wp\/v2\/pages\/8099\/revisions\/9721"}],"wp:attachment":[{"href":"https:\/\/cyclepoitevin86.fr\/index.php\/wp-json\/wp\/v2\/media?parent=8099"}],"curies":[{"name":"wp","href":"https:\/\/api.w.org\/{rel}","templated":true}]}}